{"id":2380,"date":"2023-02-23T19:39:39","date_gmt":"2023-02-23T19:39:39","guid":{"rendered":"https:\/\/centreseve.recherche.usherbrooke.ca\/academic-support-resources\/"},"modified":"2025-05-01T18:22:33","modified_gmt":"2025-05-01T18:22:33","slug":"academic-support-resources","status":"publish","type":"page","link":"https:\/\/centreseve.recherche.usherbrooke.ca\/en\/academic-support-resources\/","title":{"rendered":"Academic Support (Resources)"},"content":{"rendered":"\t\t<div data-elementor-type=\"wp-page\" data-elementor-id=\"2380\" class=\"elementor elementor-2380 elementor-87\" data-elementor-post-type=\"page\">\n\t\t\t\t<div class=\"elementor-element elementor-element-218daf4c e-flex e-con-boxed e-con e-parent\" data-id=\"218daf4c\" data-element_type=\"container\" data-e-type=\"container\" data-settings=\"{&quot;_ob_use_container_extras&quot;:&quot;no&quot;,&quot;_ob_column_hoveranimator&quot;:&quot;no&quot;,&quot;_ob_glider_is_slider&quot;:&quot;no&quot;,&quot;_ob_column_has_pseudo&quot;:&quot;no&quot;}\">\n\t\t\t\t\t<div class=\"e-con-inner\">\n\t\t\t\t<div class=\"elementor-element elementor-element-26c173d3 ob-harakiri-inherit ob-has-background-overlay elementor-widget elementor-widget-text-editor\" data-id=\"26c173d3\" data-element_type=\"widget\" data-e-type=\"widget\" data-settings=\"{&quot;_ob_use_harakiri&quot;:&quot;yes&quot;,&quot;_ob_harakiri_writing_mode&quot;:&quot;inherit&quot;,&quot;_ob_postman_use&quot;:&quot;no&quot;,&quot;_ob_widget_stalker_use&quot;:&quot;no&quot;,&quot;_ob_poopart_use&quot;:&quot;yes&quot;,&quot;_ob_shadough_use&quot;:&quot;no&quot;,&quot;_ob_allow_hoveranimator&quot;:&quot;no&quot;}\" data-widget_type=\"text-editor.default\">\n\t\t\t\t<div class=\"elementor-widget-container\">\n\t\t\t\t\t\t\t\t\t\n<h4 style=\"text-align: center;\"><strong>Ressources en mati\u00e8re EDI &#8211; Institutions partenaires<\/strong><\/h4>\n<p style=\"text-align: center;\">\u00a0<\/p>\n\n<h4 style=\"text-align: center;\"><span style=\"color: #008000;\"><strong>Institut National de Recherche Scientifique<\/strong><\/span><\/h4>\n\n<p style=\"text-align: center;\"><a href=\"https:\/\/inrs.ca\/linrs\/equite-diversite-et-inclusion\/\" target=\"_blank\" rel=\"noopener\"><span style=\"text-decoration: underline;\"><span style=\"color: #0000ff; text-decoration: underline;\">Ressources EDI<\/span><\/span><\/a><\/p>\n\n<p style=\"text-align: center;\">edi@inrs.ca<\/p>\n<p style=\"text-align: center;\">\u00a0<\/p>\n\n<h4 style=\"text-align: center;\"><span style=\"color: #008000;\"><strong>Universit\u00e9 Laval<\/strong><\/span><\/h4>\n\n<p style=\"text-align: center;\"><span style=\"text-decoration: underline;\"><span style=\"color: #0000ff; text-decoration: underline;\"><a style=\"color: #0000ff; text-decoration: underline;\" href=\"https:\/\/www.ulaval.ca\/equite-diversite-inclusion\" target=\"_blank\" rel=\"noopener\">Ressources EDI<\/a><\/span><\/span><\/p>\n<p style=\"text-align: center;\"><strong><\/strong><\/p>\n<p style=\"text-align: center;\"><strong>Institutionnel :<\/strong> <a href=\"mailto:equite-diversite-inclusion@edi.ulaval.ca\">equite-diversite-inclusion@edi.ulaval.ca<\/a><\/p>\n\n<p style=\"text-align: center;\"><strong>Recherche :<\/strong> <a href=\"mailto:EDI-recherche@vrr.ulaval.ca\">EDI-recherche@vrr.ulaval.ca<\/a><\/p>\n\n<p style=\"text-align: center;\"><strong>Ressources humaines :<\/strong> <a href=\"mailto:equite-diversite-inclusion@vrrh.ulaval.ca\">equite-diversite-inclusion@vrrh.ulaval.ca<\/a><\/p>\n<p style=\"text-align: center;\">\u00a0<\/p>\n\n<h4 style=\"text-align: center;\"><span style=\"color: #008000;\"><strong>Universit\u00e9 Bishop\u2019s<\/strong><\/span><\/h4>\n\n<p style=\"text-align: center;\"><span style=\"text-decoration: underline;\"><span style=\"color: #0000ff; text-decoration: underline;\"><a style=\"color: #0000ff; text-decoration: underline;\" href=\"https:\/\/www.ubishops.ca\/fr\/a-propos-de-bu-2\/equite-diversite-et-inclusion\/\" target=\"_blank\" rel=\"noopener\">Ressources EDI<\/a><\/span><\/span><\/p>\n\n<p style=\"text-align: center;\"><strong>Personne-ressource : <\/strong>Amy Abe,\u00a0<a href=\"mailto:amy.abe@ubishops.ca\">amy.abe@ubishops.ca<\/a><\/p>\n<p style=\"text-align: center;\">\u00a0<\/p>\n\n<h4 style=\"text-align: center;\"><span style=\"color: #008000;\"><strong>Universit\u00e9 McGill\u00a0:<\/strong><\/span><\/h4>\n\n<p style=\"text-align: center;\"><span style=\"text-decoration: underline;\"><span style=\"color: #0000ff; text-decoration: underline;\"><a style=\"color: #0000ff; text-decoration: underline;\" href=\"https:\/\/www.mcgill.ca\/equity\/\">Ressources EDI<\/a><\/span><\/span><\/p>\n<p style=\"text-align: center;\"><span style=\"text-decoration: underline;\"><a style=\"color: #28303d; text-decoration-skip-ink: none; text-decoration: underline;\" href=\"https:\/\/www.mcgill.ca\/equity\/fr\/coordonnees\">Contact<\/a><\/span><\/p>\n\n<p style=\"text-align: center;\">\u00a0<\/p>\n<h4 style=\"text-align: center;\"><span style=\"color: #008000;\"><strong>Universit\u00e9 de Montr\u00e9al (IRBV)<\/strong><\/span><\/h4>\n\n<p style=\"text-align: center;\"><span style=\"text-decoration: underline;\"><span style=\"color: #0000ff; text-decoration: underline;\"><a style=\"color: #0000ff; text-decoration: underline;\" href=\"https:\/\/www.umontreal.ca\/diversite\/\" target=\"_blank\" rel=\"noopener\">Ressources EDI<\/a><\/span><\/span><\/p>\n\n<p style=\"text-align: center;\">info-edi@umontreal.ca<\/p>\n<p style=\"text-align: center;\">\u00a0<\/p>\n\n<h4 style=\"text-align: center;\"><span style=\"color: #008000;\"><strong>Universit\u00e9 du Qu\u00e9bec \u00e0 Chicoutimi\u00a0<\/strong><\/span><\/h4>\n<p style=\"text-align: center;\"><span style=\"text-decoration: underline;\"><span style=\"color: #0000ff; text-decoration: underline;\"><\/span><\/span><\/p>\n<p style=\"text-align: center;\"><a href=\"https:\/\/www.uqac.ca\/srh\/formation-equite-diversite-et-inclusion\/\" target=\"_blank\" rel=\"noopener\"><span style=\"text-decoration: underline;\"><span style=\"color: #0000ff; text-decoration: underline;\">Ressources EDI<\/span><\/span><\/a><\/p>\n\n<p style=\"text-align: center;\"><strong>Personne-ressource\u00a0:<\/strong><\/p>\n\n<p style=\"text-align: center;\">Josianne Gauthier<\/p>\n\n<p style=\"text-align: center;\">Responsable \u00e9quit\u00e9, diversit\u00e9, inclusion<\/p>\n\n<p style=\"text-align: center;\">T\u00e9l\u00e9phone: 418 545-5011, poste 2182<\/p>\n\n<p style=\"text-align: center;\">Courriel : <a href=\"mailto:josianne1.gauthier@uqac.ca\">josianne1.gauthier@uqac.ca<\/a><\/p>\n\n<p style=\"text-align: center;\">Local : P2-7035<\/p>\n<p style=\"text-align: center;\">\u00a0<\/p>\n\n<h4 style=\"text-align: center;\"><span style=\"color: #008000;\"><strong>Universit\u00e9 du Qu\u00e9bec \u00e0 Montr\u00e9al<\/strong><\/span><\/h4>\n\n<p style=\"text-align: center;\"><a href=\"https:\/\/edi.uqam.ca\/ressources\/bonnes-pratiques\/\" target=\"_blank\" rel=\"noopener\"><span style=\"text-decoration: underline;\"><span style=\"color: #0000ff; text-decoration: underline;\">Ressources EDI<\/span><\/span><\/a><\/p>\n\n<p style=\"text-align: center;\"><span style=\"text-decoration: underline; color: #0000ff;\"><a style=\"color: #0000ff; text-decoration: underline;\" href=\"https:\/\/recherche.sciences.uqam.ca\/boite-a-outils\/\" target=\"_blank\" rel=\"noopener\">Ressources-Facult\u00e9 des Sciences<\/a><\/span><\/p>\n\n<p style=\"text-align: center;\"><strong>Personne-ressource:<\/strong><\/p>\n\n<p style=\"text-align: center;\">Karl-Fr\u00e9d\u00e9rik Bergeron<br \/>Conseiller \u00e0 la recherche<em><br \/><\/em>(514) 987-3000, poste 8777<\/p>\n<p style=\"text-align: center;\">Courriel : <a href=\"mailto:bergeron.karl-frederik@uqam.ca\">bergeron.karl-frederik@uqam.ca<\/a><br \/>Local : PK-2178<\/p>\n<p style=\"text-align: center;\">\u00a0<\/p>\n\n<h4 style=\"text-align: center;\"><span style=\"color: #008000;\"><strong>Universit\u00e9 du Qu\u00e9bec \u00e0 Trois-Rivi\u00e8res<\/strong><\/span><\/h4>\n\n<p style=\"text-align: center;\"><a href=\"https:\/\/oraprdnt.uqtr.uquebec.ca\/portail\/gscw031?owa_no_site=1138&amp;owa_no_fiche=41&amp;owa_bottin=\" target=\"_blank\" rel=\"noopener\"><span style=\"text-decoration: underline; color: #0000ff;\">Ressources EDI<\/span><\/a><\/p>\n\n<p style=\"text-align: center;\"><a href=\"mailto:EDI@uqtr.ca\">EDI@uqtr.ca<\/a><\/p>\n\n<p style=\"text-align: center;\">\u00a0<\/p>\n<h4 style=\"text-align: center;\"><span style=\"color: #008000;\"><strong>Universit\u00e9 de Sherbrooke<\/strong><\/span><\/h4>\n\n<p style=\"text-align: center;\"><span style=\"text-decoration: underline;\"><span style=\"color: #0000ff;\"><a style=\"color: #0000ff; text-decoration: underline;\" href=\"https:\/\/www.usherbrooke.ca\/edi\/outils\" target=\"_blank\" rel=\"noopener\">Outils EDI<\/a><\/span><\/span><\/p>\n\n<p style=\"text-align: center;\"><span style=\"text-decoration: underline;\"><span style=\"color: #0000ff;\"><a style=\"color: #0000ff; text-decoration: underline;\" href=\"https:\/\/www.usherbrooke.ca\/sciences\/faculte\/equite-diversite-et-inclusion-edi#acc-8929-1386\" target=\"_blank\" rel=\"noopener\">Politiques EDI &#8211; Facult\u00e9 des Sciences<\/a><\/span><\/span><\/p>\n\n<p style=\"text-align: center;\"><strong>Personne-ressource\u00a0:<\/strong><\/p>\n\n<p style=\"text-align: center;\">Audrey-Anne Blanchet<br \/>Coordonnatrice en \u00e9quit\u00e9, diversit\u00e9 et inclusion<\/p>\n\n<p style=\"text-align: center;\">T\u00e9l\u00e9phone:\u00a0819\u00a0821-7010, poste 63587<\/p>\n<p style=\"text-align: center;\">Courriel :\u00a0<a href=\"mailto:Audrey-Anne.Blanchet@USherbrooke.ca\">Audrey-Anne.Blanchet@USherbrooke.ca<\/a><\/p>\n\n<p>\u00a0<\/p>\n\t\t\t\t\t\t\t\t<\/div>\n\t\t\t\t<\/div>\n\t\t\t\t\t<\/div>\n\t\t\t\t<\/div>\n\t\t\t\t<\/div>\n\t\t","protected":false},"excerpt":{"rendered":"<p>Resource -Partner institutions Institut National de Recherche Scientifique Resources Contact Person: Institutionnal: edi@inrs.ca Universit\u00e9 Laval Resources Contact Person: Institutionnal: equite-diversite-inclusion@edi.ulaval.ca Research: EDI-recherche@vrr.ulaval.ca Human Resources : equite-diversite-inclusion@vrrh.ulaval.ca Bishop\u2019s University Resource Contact Person : Amy Abe amy.abe@ubishops.ca McGill University: Resource Contact Person: Contact Universit\u00e9 de Montr\u00e9al (IRBV) Resources Contact Person : Institutionnel : info-edi@umontreal.ca Universit\u00e9 du Qu\u00e9bec&hellip; <a class=\"more-link\" href=\"https:\/\/centreseve.recherche.usherbrooke.ca\/en\/academic-support-resources\/\">Continue reading <span class=\"screen-reader-text\">Academic Support (Resources)<\/span><\/a><\/p>\n","protected":false},"author":1,"featured_media":0,"parent":0,"menu_order":0,"comment_status":"closed","ping_status":"closed","template":"","meta":{"_acf_changed":false,"footnotes":""},"class_list":["post-2380","page","type-page","status-publish","hentry","entry"],"acf":[],"_links":{"self":[{"href":"https:\/\/centreseve.recherche.usherbrooke.ca\/en\/wp-json\/wp\/v2\/pages\/2380","targetHints":{"allow":["GET"]}}],"collection":[{"href":"https:\/\/centreseve.recherche.usherbrooke.ca\/en\/wp-json\/wp\/v2\/pages"}],"about":[{"href":"https:\/\/centreseve.recherche.usherbrooke.ca\/en\/wp-json\/wp\/v2\/types\/page"}],"author":[{"embeddable":true,"href":"https:\/\/centreseve.recherche.usherbrooke.ca\/en\/wp-json\/wp\/v2\/users\/1"}],"replies":[{"embeddable":true,"href":"https:\/\/centreseve.recherche.usherbrooke.ca\/en\/wp-json\/wp\/v2\/comments?post=2380"}],"version-history":[{"count":5,"href":"https:\/\/centreseve.recherche.usherbrooke.ca\/en\/wp-json\/wp\/v2\/pages\/2380\/revisions"}],"predecessor-version":[{"id":2760,"href":"https:\/\/centreseve.recherche.usherbrooke.ca\/en\/wp-json\/wp\/v2\/pages\/2380\/revisions\/2760"}],"wp:attachment":[{"href":"https:\/\/centreseve.recherche.usherbrooke.ca\/en\/wp-json\/wp\/v2\/media?parent=2380"}],"curies":[{"name":"wp","href":"https:\/\/api.w.org\/{rel}","templated":true}]}}