{"id":2509,"date":"2023-02-23T19:39:39","date_gmt":"2023-02-23T19:39:39","guid":{"rendered":"https:\/\/centreseve.recherche.usherbrooke.ca\/our-members-in-the-media\/"},"modified":"2026-01-30T19:20:59","modified_gmt":"2026-01-30T19:20:59","slug":"our-members-in-the-media","status":"publish","type":"page","link":"https:\/\/centreseve.recherche.usherbrooke.ca\/en\/our-members-in-the-media\/","title":{"rendered":"Our members in the media"},"content":{"rendered":"\t\t<div data-elementor-type=\"wp-page\" data-elementor-id=\"2509\" class=\"elementor elementor-2509 elementor-80\" data-elementor-post-type=\"page\">\n\t\t\t\t<div class=\"elementor-element elementor-element-bd05643 e-flex e-con-boxed e-con e-parent\" data-id=\"bd05643\" data-element_type=\"container\" data-e-type=\"container\" data-settings=\"{&quot;_ob_use_container_extras&quot;:&quot;no&quot;,&quot;_ob_column_hoveranimator&quot;:&quot;no&quot;,&quot;_ob_glider_is_slider&quot;:&quot;no&quot;,&quot;_ob_column_has_pseudo&quot;:&quot;no&quot;}\">\n\t\t\t\t\t<div class=\"e-con-inner\">\n\t\t\t\t<div data-dce-advanced-background-hover-color=\"#E7E9E7\" class=\"elementor-element elementor-element-e83e1c3 ob-harakiri-inherit ob-has-background-overlay elementor-widget elementor-widget-text-editor\" data-id=\"e83e1c3\" data-element_type=\"widget\" data-e-type=\"widget\" data-settings=\"{&quot;_ob_use_harakiri&quot;:&quot;yes&quot;,&quot;_ob_harakiri_writing_mode&quot;:&quot;inherit&quot;,&quot;_ob_postman_use&quot;:&quot;no&quot;,&quot;_ob_widget_stalker_use&quot;:&quot;no&quot;,&quot;_ob_poopart_use&quot;:&quot;yes&quot;,&quot;_ob_shadough_use&quot;:&quot;no&quot;,&quot;_ob_allow_hoveranimator&quot;:&quot;no&quot;}\" data-widget_type=\"text-editor.default\">\n\t\t\t\t<div class=\"elementor-widget-container\">\n\t\t\t\t\t\t\t\t\t<p style=\"text-align: left;\"><strong>Our Members on the Radio!<\/strong><\/p><p>Zo\u00e9 Joly-Lopez talks about the following subjects arMoteur de Recherche and Moteur en herbe (Radio-Canada) :<\/p><ul><li><a href=\"https:\/\/ici.radio-canada.ca\/ohdio\/premiere\/emissions\/moteur-de-recherche\/segments\/rattrapage\/2283955\/quelle-est-difference-entre-modifier-riz-en-laboratoire-ou-sur-terrain\"><span style=\"color: #3366ff;\">Quelle est la diff\u00e9rence entre le riz modifi\u00e9 en laboratoire ou sur le terrain?<\/span><\/a> (January 2026) <\/li><li><a href=\"https:\/\/ici.radio-canada.ca\/ohdio\/premiere\/emissions\/moteur-de-recherche\/episodes\/1087588\/jeudi-11-decembre-2025\" target=\"_blank\" rel=\"noopener\"><span style=\"color: #3366ff;\">Pourquoi faut-il repiquer le riz, mais pas le bl\u00e9 ni l&#8217;orge?<\/span><\/a> (D\u00e9cember 2025)<\/li><li><span style=\"color: #3366ff;\"><a style=\"color: #3366ff;\" href=\"https:\/\/ici.radio-canada.ca\/ohdio\/premiere\/emissions\/moteur-de-recherche\/episodes\/1084850\/jeudi-16-oct-2025-des-bouteilles-en-sucre-et-les-tournesols\" target=\"_blank\" rel=\"noopener\">C&#8217;est moi ou les tournesols issus de mes propres graines deviennent plus petits?<\/a><\/span> (October 2025)<\/li><li><span style=\"color: #3366ff;\"><a style=\"color: #3366ff;\" href=\"https:\/\/ici.radio-canada.ca\/ohdio\/balados\/12879\/moteur-en-herbe\/1119178\/chlorophylle-photosynthese-ondes-photon\" target=\"_blank\" rel=\"noopener\">Pourquoi les plantes ont-elles besoin de lumi\u00e8re naturelle?<\/a><\/span> (October 2025)<\/li><li><a href=\"https:\/\/ici.radio-canada.ca\/ohdio\/premiere\/emissions\/moteur-de-recherche\/segments\/rattrapage\/2161715\/pourquoi-differentes-varietes-tomates-ne-sont-elles-pas-especes\" target=\"_blank\" rel=\"noopener\"><span style=\"color: #3366ff;\">10 000 reaisons to love tomato<\/span> <\/a>(August 2025, in Frend only)<\/li><li><span style=\"color: #3366ff;\"><a style=\"color: #3366ff;\" href=\"https:\/\/ici.radio-canada.ca\/ohdio\/premiere\/emissions\/moteur-de-recherche\/episodes\/953138\/rattrapage-du-15-mai-2025-les-cyberattaques-contre-les-infrastructures-et-la-livraison-rapide\" target=\"_blank\" rel=\"noopener\">Asexual reproduction processes in spore-bearing plants<\/a> <\/span>(May 2025, in French only)<\/li><li><span style=\"color: #3366ff;\"><a style=\"color: #3366ff; text-decoration: underline;\" href=\"https:\/\/ici.radio-canada.ca\/ohdio\/premiere\/emissions\/moteur-de-recherche\/segments\/rattrapage\/2023495\/comment-tournesol-fait-il-pour-suivre-soleil\" target=\"_blank\" rel=\"noopener\">How does the sunflower follow the sun? (in French only)<\/a> <\/span>(March 2025)<\/li><li><span style=\"color: #3366ff;\"><a style=\"color: #3366ff;\" href=\"https:\/\/ici.radio-canada.ca\/ohdio\/premiere\/emissions\/moteur-de-recherche\/episodes\/949854\/rattrapage-du-23-janv-2025-letude-de-la-pedophilie-et-la-duree-de-vie-des-plantes-interieures\" target=\"_blank\" rel=\"noopener\">The Lifespan of Houseplants<\/a><\/span> (January 2025, in French only)<\/li><\/ul><p>Prof Laforest-Lapointe talks about the following subjects at Les Ann\u00e9es Lumi\u00e8res,(Radio-Canada)<\/p><ul><li><p><span style=\"color: #3366ff;\"><a style=\"color: #3366ff;\" href=\"https:\/\/ici.radio-canada.ca\/ohdio\/premiere\/emissions\/les-annees-lumiere\/segments\/rattrapage\/2268797\/microbiote-ecorce-un-mediateur-gaz-a-effet-serre-reportage\">Le microbiote de l&#8217;\u00e9corce, un m\u00e9diateur de gaz \u00e0 effet de serre : Reportage<\/a> <\/span>(January 2026)<\/p><\/li><li><span style=\"color: #3366ff;\"><a style=\"color: #3366ff; text-decoration: underline;\" href=\"https:\/\/ici.radio-canada.ca\/ohdio\/premiere\/emissions\/les-annees-lumiere\/segments\/rattrapage\/2006862\/microbiome-environnemental-et-sante-humaine\" target=\"_blank\" rel=\"noopener\">Le microbiome environnemental et la sant\u00e9 humaine<\/a><\/span> (March 2025)<\/li><\/ul>\t\t\t\t\t\t\t\t<\/div>\n\t\t\t\t<\/div>\n\t\t\t\t\t<\/div>\n\t\t\t\t<\/div>\n\t\t<div class=\"elementor-element elementor-element-9f7f8c0 e-grid e-con-full e-con e-parent\" data-id=\"9f7f8c0\" data-element_type=\"container\" data-e-type=\"container\" data-settings=\"{&quot;_ob_use_container_extras&quot;:&quot;no&quot;,&quot;_ob_column_hoveranimator&quot;:&quot;no&quot;,&quot;_ob_glider_is_slider&quot;:&quot;no&quot;,&quot;_ob_column_has_pseudo&quot;:&quot;no&quot;}\">\n\t\t\t\t<div data-dce-advanced-background-hover-color=\"#E7E9E7\" class=\"elementor-element elementor-element-7c0a482 e-transform e-transform ob-harakiri-inherit ob-has-background-overlay elementor-widget elementor-widget-text-editor\" data-id=\"7c0a482\" data-element_type=\"widget\" data-e-type=\"widget\" data-settings=\"{&quot;_transform_translateY_effect_hover&quot;:{&quot;unit&quot;:&quot;px&quot;,&quot;size&quot;:449,&quot;sizes&quot;:[]},&quot;_ob_use_harakiri&quot;:&quot;yes&quot;,&quot;_ob_harakiri_writing_mode&quot;:&quot;inherit&quot;,&quot;_ob_postman_use&quot;:&quot;no&quot;,&quot;_ob_widget_stalker_use&quot;:&quot;no&quot;,&quot;_transform_rotateZ_effect_hover&quot;:{&quot;unit&quot;:&quot;px&quot;,&quot;size&quot;:&quot;&quot;,&quot;sizes&quot;:[]},&quot;_transform_rotateZ_effect_hover_tablet&quot;:{&quot;unit&quot;:&quot;deg&quot;,&quot;size&quot;:&quot;&quot;,&quot;sizes&quot;:[]},&quot;_transform_rotateZ_effect_hover_mobile&quot;:{&quot;unit&quot;:&quot;deg&quot;,&quot;size&quot;:&quot;&quot;,&quot;sizes&quot;:[]},&quot;_transform_translateX_effect_hover&quot;:{&quot;unit&quot;:&quot;px&quot;,&quot;size&quot;:&quot;&quot;,&quot;sizes&quot;:[]},&quot;_transform_translateX_effect_hover_tablet&quot;:{&quot;unit&quot;:&quot;px&quot;,&quot;size&quot;:&quot;&quot;,&quot;sizes&quot;:[]},&quot;_transform_translateX_effect_hover_mobile&quot;:{&quot;unit&quot;:&quot;px&quot;,&quot;size&quot;:&quot;&quot;,&quot;sizes&quot;:[]},&quot;_transform_translateY_effect_hover_tablet&quot;:{&quot;unit&quot;:&quot;px&quot;,&quot;size&quot;:&quot;&quot;,&quot;sizes&quot;:[]},&quot;_transform_translateY_effect_hover_mobile&quot;:{&quot;unit&quot;:&quot;px&quot;,&quot;size&quot;:&quot;&quot;,&quot;sizes&quot;:[]},&quot;_ob_poopart_use&quot;:&quot;yes&quot;,&quot;_ob_shadough_use&quot;:&quot;no&quot;}\" data-widget_type=\"text-editor.default\">\n\t\t\t\t<div class=\"elementor-widget-container\">\n\t\t\t\t\t\t\t\t\t<p style=\"text-align: left;\"><a href=\"https:\/\/nouvelles.ulaval.ca\/2025\/12\/01\/une-avancee-pour-dejouer-les-agents-pathogenes-des-plantes-en-agriculture-2c7ef7fd-725d-46af-a934-664b6857ddd0\" target=\"_blank\" rel=\"noopener\"><b>Une avanc\u00e9e pour d\u00e9jouer les agents pathog\u00e8nes des plantes en agriculture<\/b><\/a><\/p><p style=\"text-align: left;\">Articles on Edel P\u00e9rez-Lopez&#8217;s work<\/p><p>ULaval Nouvelles, December 1st 2025<\/p>\t\t\t\t\t\t\t\t<\/div>\n\t\t\t\t<\/div>\n\t\t\t\t<div data-dce-advanced-background-hover-color=\"#E7E9E7\" class=\"elementor-element elementor-element-0db4879 e-transform e-transform ob-harakiri-inherit ob-has-background-overlay elementor-widget elementor-widget-text-editor\" data-id=\"0db4879\" data-element_type=\"widget\" data-e-type=\"widget\" data-settings=\"{&quot;_transform_translateY_effect_hover&quot;:{&quot;unit&quot;:&quot;px&quot;,&quot;size&quot;:449,&quot;sizes&quot;:[]},&quot;_ob_use_harakiri&quot;:&quot;yes&quot;,&quot;_ob_harakiri_writing_mode&quot;:&quot;inherit&quot;,&quot;_ob_postman_use&quot;:&quot;no&quot;,&quot;_ob_widget_stalker_use&quot;:&quot;no&quot;,&quot;_transform_rotateZ_effect_hover&quot;:{&quot;unit&quot;:&quot;px&quot;,&quot;size&quot;:&quot;&quot;,&quot;sizes&quot;:[]},&quot;_transform_rotateZ_effect_hover_tablet&quot;:{&quot;unit&quot;:&quot;deg&quot;,&quot;size&quot;:&quot;&quot;,&quot;sizes&quot;:[]},&quot;_transform_rotateZ_effect_hover_mobile&quot;:{&quot;unit&quot;:&quot;deg&quot;,&quot;size&quot;:&quot;&quot;,&quot;sizes&quot;:[]},&quot;_transform_translateX_effect_hover&quot;:{&quot;unit&quot;:&quot;px&quot;,&quot;size&quot;:&quot;&quot;,&quot;sizes&quot;:[]},&quot;_transform_translateX_effect_hover_tablet&quot;:{&quot;unit&quot;:&quot;px&quot;,&quot;size&quot;:&quot;&quot;,&quot;sizes&quot;:[]},&quot;_transform_translateX_effect_hover_mobile&quot;:{&quot;unit&quot;:&quot;px&quot;,&quot;size&quot;:&quot;&quot;,&quot;sizes&quot;:[]},&quot;_transform_translateY_effect_hover_tablet&quot;:{&quot;unit&quot;:&quot;px&quot;,&quot;size&quot;:&quot;&quot;,&quot;sizes&quot;:[]},&quot;_transform_translateY_effect_hover_mobile&quot;:{&quot;unit&quot;:&quot;px&quot;,&quot;size&quot;:&quot;&quot;,&quot;sizes&quot;:[]},&quot;_ob_poopart_use&quot;:&quot;yes&quot;,&quot;_ob_shadough_use&quot;:&quot;no&quot;}\" data-widget_type=\"text-editor.default\">\n\t\t\t\t<div class=\"elementor-widget-container\">\n\t\t\t\t\t\t\t\t\t<p style=\"text-align: left;\"><a href=\"https:\/\/nouvelles.ulaval.ca\/2025\/12\/16\/proteger-les-sapins-de-noel-dun-microorganisme-devastateur-21c53d39-c8f5-40c1-9625-8dac1019ffe4\" target=\"_blank\" rel=\"noopener\"><strong>Prot\u00e9ger les sapins de No\u00ebl d&#8217;un microorganisme d\u00e9vastateur<\/strong><\/a><\/p><p style=\"text-align: left;\">Article on Russell Tweddell&#8217;s work<\/p><p>ULaval Nouvelles, December 16 ,2025<\/p>\t\t\t\t\t\t\t\t<\/div>\n\t\t\t\t<\/div>\n\t\t\t\t<div data-dce-advanced-background-hover-color=\"#E7E9E7\" class=\"elementor-element elementor-element-5580e12 e-transform e-transform ob-harakiri-inherit ob-has-background-overlay elementor-widget elementor-widget-text-editor\" data-id=\"5580e12\" data-element_type=\"widget\" data-e-type=\"widget\" data-settings=\"{&quot;_transform_translateY_effect_hover&quot;:{&quot;unit&quot;:&quot;px&quot;,&quot;size&quot;:449,&quot;sizes&quot;:[]},&quot;_ob_use_harakiri&quot;:&quot;yes&quot;,&quot;_ob_harakiri_writing_mode&quot;:&quot;inherit&quot;,&quot;_ob_postman_use&quot;:&quot;no&quot;,&quot;_ob_widget_stalker_use&quot;:&quot;no&quot;,&quot;_transform_rotateZ_effect_hover&quot;:{&quot;unit&quot;:&quot;px&quot;,&quot;size&quot;:&quot;&quot;,&quot;sizes&quot;:[]},&quot;_transform_rotateZ_effect_hover_tablet&quot;:{&quot;unit&quot;:&quot;deg&quot;,&quot;size&quot;:&quot;&quot;,&quot;sizes&quot;:[]},&quot;_transform_rotateZ_effect_hover_mobile&quot;:{&quot;unit&quot;:&quot;deg&quot;,&quot;size&quot;:&quot;&quot;,&quot;sizes&quot;:[]},&quot;_transform_translateX_effect_hover&quot;:{&quot;unit&quot;:&quot;px&quot;,&quot;size&quot;:&quot;&quot;,&quot;sizes&quot;:[]},&quot;_transform_translateX_effect_hover_tablet&quot;:{&quot;unit&quot;:&quot;px&quot;,&quot;size&quot;:&quot;&quot;,&quot;sizes&quot;:[]},&quot;_transform_translateX_effect_hover_mobile&quot;:{&quot;unit&quot;:&quot;px&quot;,&quot;size&quot;:&quot;&quot;,&quot;sizes&quot;:[]},&quot;_transform_translateY_effect_hover_tablet&quot;:{&quot;unit&quot;:&quot;px&quot;,&quot;size&quot;:&quot;&quot;,&quot;sizes&quot;:[]},&quot;_transform_translateY_effect_hover_mobile&quot;:{&quot;unit&quot;:&quot;px&quot;,&quot;size&quot;:&quot;&quot;,&quot;sizes&quot;:[]},&quot;_ob_poopart_use&quot;:&quot;yes&quot;,&quot;_ob_shadough_use&quot;:&quot;no&quot;}\" data-widget_type=\"text-editor.default\">\n\t\t\t\t<div class=\"elementor-widget-container\">\n\t\t\t\t\t\t\t\t\t<p style=\"text-align: left;\"><a href=\"https:\/\/ici.radio-canada.ca\/nouvelle\/2205419\/agriculture-durable-environnement-pollution-ges\" target=\"_blank\" rel=\"noopener\"><b>La Saskatchewan exag\u00e8re-t-elle la durabilit\u00e9 de son agriculture?<\/b><\/a><\/p><p style=\"text-align: left;\">Interview with Prof Caroline Halde<\/p><p style=\"text-align: left;\">Radio-Canada, November 14, 2025<\/p>\t\t\t\t\t\t\t\t<\/div>\n\t\t\t\t<\/div>\n\t\t\t\t<div data-dce-advanced-background-hover-color=\"#E7E9E7\" class=\"elementor-element elementor-element-f9cd01b e-transform e-transform ob-harakiri-inherit ob-has-background-overlay elementor-widget elementor-widget-text-editor\" data-id=\"f9cd01b\" data-element_type=\"widget\" data-e-type=\"widget\" data-settings=\"{&quot;_transform_translateY_effect_hover&quot;:{&quot;unit&quot;:&quot;px&quot;,&quot;size&quot;:449,&quot;sizes&quot;:[]},&quot;_ob_use_harakiri&quot;:&quot;yes&quot;,&quot;_ob_harakiri_writing_mode&quot;:&quot;inherit&quot;,&quot;_ob_postman_use&quot;:&quot;no&quot;,&quot;_ob_widget_stalker_use&quot;:&quot;no&quot;,&quot;_transform_rotateZ_effect_hover&quot;:{&quot;unit&quot;:&quot;px&quot;,&quot;size&quot;:&quot;&quot;,&quot;sizes&quot;:[]},&quot;_transform_rotateZ_effect_hover_tablet&quot;:{&quot;unit&quot;:&quot;deg&quot;,&quot;size&quot;:&quot;&quot;,&quot;sizes&quot;:[]},&quot;_transform_rotateZ_effect_hover_mobile&quot;:{&quot;unit&quot;:&quot;deg&quot;,&quot;size&quot;:&quot;&quot;,&quot;sizes&quot;:[]},&quot;_transform_translateX_effect_hover&quot;:{&quot;unit&quot;:&quot;px&quot;,&quot;size&quot;:&quot;&quot;,&quot;sizes&quot;:[]},&quot;_transform_translateX_effect_hover_tablet&quot;:{&quot;unit&quot;:&quot;px&quot;,&quot;size&quot;:&quot;&quot;,&quot;sizes&quot;:[]},&quot;_transform_translateX_effect_hover_mobile&quot;:{&quot;unit&quot;:&quot;px&quot;,&quot;size&quot;:&quot;&quot;,&quot;sizes&quot;:[]},&quot;_transform_translateY_effect_hover_tablet&quot;:{&quot;unit&quot;:&quot;px&quot;,&quot;size&quot;:&quot;&quot;,&quot;sizes&quot;:[]},&quot;_transform_translateY_effect_hover_mobile&quot;:{&quot;unit&quot;:&quot;px&quot;,&quot;size&quot;:&quot;&quot;,&quot;sizes&quot;:[]},&quot;_ob_poopart_use&quot;:&quot;yes&quot;,&quot;_ob_shadough_use&quot;:&quot;no&quot;}\" data-widget_type=\"text-editor.default\">\n\t\t\t\t<div class=\"elementor-widget-container\">\n\t\t\t\t\t\t\t\t\t<p style=\"text-align: left;\"><a href=\"https:\/\/nouvelles.umontreal.ca\/article\/2025\/11\/07\/comment-les-plantes-savent-elles-jusqu-a-quelle-taille-pousser?utm_source=UdeMNouvelles&amp;utm_campaign=d90c3b80ff-EMAIL_CAMPAIGN_Quotidienne_20251111&amp;utm_medium=email&amp;utm_term=0_-b7d7236c0c-294325513\" target=\"_blank\" rel=\"noopener\"><b>Comment les plantes savent-elles jusqu&#8217;\u00e0 quelle taille pousser?<\/b><\/a><\/p><p style=\"text-align: left;\">Report on Prof Anne-Lise Routier&#8217;s researcj<\/p><p style=\"text-align: left;\">UdeM Nouvelles, November 10, 2025<\/p>\t\t\t\t\t\t\t\t<\/div>\n\t\t\t\t<\/div>\n\t\t\t\t<div data-dce-advanced-background-hover-color=\"#E7E9E7\" class=\"elementor-element elementor-element-a169ac2 e-transform e-transform ob-harakiri-inherit ob-has-background-overlay elementor-widget elementor-widget-text-editor\" data-id=\"a169ac2\" data-element_type=\"widget\" data-e-type=\"widget\" data-settings=\"{&quot;_transform_translateY_effect_hover&quot;:{&quot;unit&quot;:&quot;px&quot;,&quot;size&quot;:449,&quot;sizes&quot;:[]},&quot;_ob_use_harakiri&quot;:&quot;yes&quot;,&quot;_ob_harakiri_writing_mode&quot;:&quot;inherit&quot;,&quot;_ob_postman_use&quot;:&quot;no&quot;,&quot;_ob_widget_stalker_use&quot;:&quot;no&quot;,&quot;_transform_rotateZ_effect_hover&quot;:{&quot;unit&quot;:&quot;px&quot;,&quot;size&quot;:&quot;&quot;,&quot;sizes&quot;:[]},&quot;_transform_rotateZ_effect_hover_tablet&quot;:{&quot;unit&quot;:&quot;deg&quot;,&quot;size&quot;:&quot;&quot;,&quot;sizes&quot;:[]},&quot;_transform_rotateZ_effect_hover_mobile&quot;:{&quot;unit&quot;:&quot;deg&quot;,&quot;size&quot;:&quot;&quot;,&quot;sizes&quot;:[]},&quot;_transform_translateX_effect_hover&quot;:{&quot;unit&quot;:&quot;px&quot;,&quot;size&quot;:&quot;&quot;,&quot;sizes&quot;:[]},&quot;_transform_translateX_effect_hover_tablet&quot;:{&quot;unit&quot;:&quot;px&quot;,&quot;size&quot;:&quot;&quot;,&quot;sizes&quot;:[]},&quot;_transform_translateX_effect_hover_mobile&quot;:{&quot;unit&quot;:&quot;px&quot;,&quot;size&quot;:&quot;&quot;,&quot;sizes&quot;:[]},&quot;_transform_translateY_effect_hover_tablet&quot;:{&quot;unit&quot;:&quot;px&quot;,&quot;size&quot;:&quot;&quot;,&quot;sizes&quot;:[]},&quot;_transform_translateY_effect_hover_mobile&quot;:{&quot;unit&quot;:&quot;px&quot;,&quot;size&quot;:&quot;&quot;,&quot;sizes&quot;:[]},&quot;_ob_poopart_use&quot;:&quot;yes&quot;,&quot;_ob_shadough_use&quot;:&quot;no&quot;}\" data-widget_type=\"text-editor.default\">\n\t\t\t\t<div class=\"elementor-widget-container\">\n\t\t\t\t\t\t\t\t\t<p style=\"text-align: left;\"><a href=\"https:\/\/nouvelles.ulaval.ca\/2025\/10\/09\/trois-questions-sur-le-feuillicyclage-1c88a191-852d-4f6d-8d5d-9e8f75a90fac\" target=\"_blank\" rel=\"noopener\"><b>Trois questions sur le feuillicyclage<\/b><\/a><\/p><p style=\"text-align: left;\">Prof Guillaume Gr\u00e9goire answers three questions about leaf recycling<\/p><p style=\"text-align: left;\">ULaval Nouvelles, October 9, 2025<\/p>\t\t\t\t\t\t\t\t<\/div>\n\t\t\t\t<\/div>\n\t\t\t\t<div data-dce-advanced-background-hover-color=\"#E7E9E7\" class=\"elementor-element elementor-element-4c94b36 e-transform e-transform ob-harakiri-inherit ob-has-background-overlay elementor-widget elementor-widget-text-editor\" data-id=\"4c94b36\" data-element_type=\"widget\" data-e-type=\"widget\" data-settings=\"{&quot;_transform_translateY_effect_hover&quot;:{&quot;unit&quot;:&quot;px&quot;,&quot;size&quot;:449,&quot;sizes&quot;:[]},&quot;_ob_use_harakiri&quot;:&quot;yes&quot;,&quot;_ob_harakiri_writing_mode&quot;:&quot;inherit&quot;,&quot;_ob_postman_use&quot;:&quot;no&quot;,&quot;_ob_widget_stalker_use&quot;:&quot;no&quot;,&quot;_transform_rotateZ_effect_hover&quot;:{&quot;unit&quot;:&quot;px&quot;,&quot;size&quot;:&quot;&quot;,&quot;sizes&quot;:[]},&quot;_transform_rotateZ_effect_hover_tablet&quot;:{&quot;unit&quot;:&quot;deg&quot;,&quot;size&quot;:&quot;&quot;,&quot;sizes&quot;:[]},&quot;_transform_rotateZ_effect_hover_mobile&quot;:{&quot;unit&quot;:&quot;deg&quot;,&quot;size&quot;:&quot;&quot;,&quot;sizes&quot;:[]},&quot;_transform_translateX_effect_hover&quot;:{&quot;unit&quot;:&quot;px&quot;,&quot;size&quot;:&quot;&quot;,&quot;sizes&quot;:[]},&quot;_transform_translateX_effect_hover_tablet&quot;:{&quot;unit&quot;:&quot;px&quot;,&quot;size&quot;:&quot;&quot;,&quot;sizes&quot;:[]},&quot;_transform_translateX_effect_hover_mobile&quot;:{&quot;unit&quot;:&quot;px&quot;,&quot;size&quot;:&quot;&quot;,&quot;sizes&quot;:[]},&quot;_transform_translateY_effect_hover_tablet&quot;:{&quot;unit&quot;:&quot;px&quot;,&quot;size&quot;:&quot;&quot;,&quot;sizes&quot;:[]},&quot;_transform_translateY_effect_hover_mobile&quot;:{&quot;unit&quot;:&quot;px&quot;,&quot;size&quot;:&quot;&quot;,&quot;sizes&quot;:[]},&quot;_ob_poopart_use&quot;:&quot;yes&quot;,&quot;_ob_shadough_use&quot;:&quot;no&quot;}\" data-widget_type=\"text-editor.default\">\n\t\t\t\t<div class=\"elementor-widget-container\">\n\t\t\t\t\t\t\t\t\t<p style=\"text-align: left;\"><a href=\"https:\/\/www.lapresse.ca\/actualites\/environnement\/2025-09-01\/planete-bleue-idees-vertes\/un-robot-qui-remplace-les-bourdons.php\" target=\"_blank\" rel=\"noopener\"><b>Un robot qui remplace les bourdons<\/b><\/a><\/p><p style=\"text-align: left;\">Report on the project LONOTEK, funded through our 2024 internal competition New Initiatives<\/p><p style=\"text-align: left;\">La Presse, September 1st, 2025 <img decoding=\"async\" class=\"alignnone wp-image-3866\" src=\"https:\/\/centreseve.recherche.usherbrooke.ca\/wp-content\/uploads\/2025\/09\/Capture-decran-2025-09-09-121632-300x191.png\" alt=\"\" width=\"106\" height=\"67\" srcset=\"https:\/\/centreseve.recherche.usherbrooke.ca\/wp-content\/uploads\/2025\/09\/Capture-decran-2025-09-09-121632-300x191.png 300w, https:\/\/centreseve.recherche.usherbrooke.ca\/wp-content\/uploads\/2025\/09\/Capture-decran-2025-09-09-121632.png 349w\" sizes=\"(max-width: 106px) 100vw, 106px\" \/><\/p>\t\t\t\t\t\t\t\t<\/div>\n\t\t\t\t<\/div>\n\t\t\t\t<div data-dce-advanced-background-hover-color=\"#E7E9E7\" class=\"elementor-element elementor-element-3ca381b e-transform e-transform ob-harakiri-inherit ob-has-background-overlay elementor-widget elementor-widget-text-editor\" data-id=\"3ca381b\" data-element_type=\"widget\" data-e-type=\"widget\" data-settings=\"{&quot;_transform_translateY_effect_hover&quot;:{&quot;unit&quot;:&quot;px&quot;,&quot;size&quot;:449,&quot;sizes&quot;:[]},&quot;_ob_use_harakiri&quot;:&quot;yes&quot;,&quot;_ob_harakiri_writing_mode&quot;:&quot;inherit&quot;,&quot;_ob_postman_use&quot;:&quot;no&quot;,&quot;_ob_widget_stalker_use&quot;:&quot;no&quot;,&quot;_transform_rotateZ_effect_hover&quot;:{&quot;unit&quot;:&quot;px&quot;,&quot;size&quot;:&quot;&quot;,&quot;sizes&quot;:[]},&quot;_transform_rotateZ_effect_hover_tablet&quot;:{&quot;unit&quot;:&quot;deg&quot;,&quot;size&quot;:&quot;&quot;,&quot;sizes&quot;:[]},&quot;_transform_rotateZ_effect_hover_mobile&quot;:{&quot;unit&quot;:&quot;deg&quot;,&quot;size&quot;:&quot;&quot;,&quot;sizes&quot;:[]},&quot;_transform_translateX_effect_hover&quot;:{&quot;unit&quot;:&quot;px&quot;,&quot;size&quot;:&quot;&quot;,&quot;sizes&quot;:[]},&quot;_transform_translateX_effect_hover_tablet&quot;:{&quot;unit&quot;:&quot;px&quot;,&quot;size&quot;:&quot;&quot;,&quot;sizes&quot;:[]},&quot;_transform_translateX_effect_hover_mobile&quot;:{&quot;unit&quot;:&quot;px&quot;,&quot;size&quot;:&quot;&quot;,&quot;sizes&quot;:[]},&quot;_transform_translateY_effect_hover_tablet&quot;:{&quot;unit&quot;:&quot;px&quot;,&quot;size&quot;:&quot;&quot;,&quot;sizes&quot;:[]},&quot;_transform_translateY_effect_hover_mobile&quot;:{&quot;unit&quot;:&quot;px&quot;,&quot;size&quot;:&quot;&quot;,&quot;sizes&quot;:[]},&quot;_ob_poopart_use&quot;:&quot;yes&quot;,&quot;_ob_shadough_use&quot;:&quot;no&quot;}\" data-widget_type=\"text-editor.default\">\n\t\t\t\t<div class=\"elementor-widget-container\">\n\t\t\t\t\t\t\t\t\t<p style=\"text-align: left;\"><a href=\"https:\/\/www.cell.com\/trends\/microbiology\/fulltext\/S0966-842X(25)00187-8\" target=\"_blank\" rel=\"noopener\"><b>TrendsTalk &#8211; Scientific mobility in microbiology<\/b><\/a><\/p><p style=\"text-align: left;\">Interview with Edel P\u00e9rez-L\u00f3pez for the series <em>TrendsTalk<\/em> from <em>Trends in Microbiology<\/em><\/p><p>Trends in Microbiology, July 22, 2025<\/p>\t\t\t\t\t\t\t\t<\/div>\n\t\t\t\t<\/div>\n\t\t\t\t<div data-dce-advanced-background-hover-color=\"#E7E9E7\" class=\"elementor-element elementor-element-26744cb e-transform e-transform ob-harakiri-inherit ob-has-background-overlay elementor-widget elementor-widget-text-editor\" data-id=\"26744cb\" data-element_type=\"widget\" data-e-type=\"widget\" data-settings=\"{&quot;_transform_translateY_effect_hover&quot;:{&quot;unit&quot;:&quot;px&quot;,&quot;size&quot;:449,&quot;sizes&quot;:[]},&quot;_ob_use_harakiri&quot;:&quot;yes&quot;,&quot;_ob_harakiri_writing_mode&quot;:&quot;inherit&quot;,&quot;_ob_postman_use&quot;:&quot;no&quot;,&quot;_ob_widget_stalker_use&quot;:&quot;no&quot;,&quot;_transform_rotateZ_effect_hover&quot;:{&quot;unit&quot;:&quot;px&quot;,&quot;size&quot;:&quot;&quot;,&quot;sizes&quot;:[]},&quot;_transform_rotateZ_effect_hover_tablet&quot;:{&quot;unit&quot;:&quot;deg&quot;,&quot;size&quot;:&quot;&quot;,&quot;sizes&quot;:[]},&quot;_transform_rotateZ_effect_hover_mobile&quot;:{&quot;unit&quot;:&quot;deg&quot;,&quot;size&quot;:&quot;&quot;,&quot;sizes&quot;:[]},&quot;_transform_translateX_effect_hover&quot;:{&quot;unit&quot;:&quot;px&quot;,&quot;size&quot;:&quot;&quot;,&quot;sizes&quot;:[]},&quot;_transform_translateX_effect_hover_tablet&quot;:{&quot;unit&quot;:&quot;px&quot;,&quot;size&quot;:&quot;&quot;,&quot;sizes&quot;:[]},&quot;_transform_translateX_effect_hover_mobile&quot;:{&quot;unit&quot;:&quot;px&quot;,&quot;size&quot;:&quot;&quot;,&quot;sizes&quot;:[]},&quot;_transform_translateY_effect_hover_tablet&quot;:{&quot;unit&quot;:&quot;px&quot;,&quot;size&quot;:&quot;&quot;,&quot;sizes&quot;:[]},&quot;_transform_translateY_effect_hover_mobile&quot;:{&quot;unit&quot;:&quot;px&quot;,&quot;size&quot;:&quot;&quot;,&quot;sizes&quot;:[]},&quot;_ob_poopart_use&quot;:&quot;yes&quot;,&quot;_ob_shadough_use&quot;:&quot;no&quot;}\" data-widget_type=\"text-editor.default\">\n\t\t\t\t<div class=\"elementor-widget-container\">\n\t\t\t\t\t\t\t\t\t<p style=\"text-align: left;\"><a href=\"https:\/\/www.seedworld.com\/canada\/2025\/06\/24\/quebec-scientists-just-found-the-microbial-playbook-behind-global-crop-failures\/?utm_content=336628529&amp;utm_medium=social&amp;utm_source=twitter&amp;hss_channel=tw-95941658\" target=\"_blank\" rel=\"noopener\"><b>Quebec Scientists Just Found the Microbial Playbook Behind Global Crop Failures<\/b><\/a><\/p><p style=\"text-align: left;\">Report on Edel P\u00e9rez-L\u00f3pez&#8217;s research<\/p><p>SeedWorld, June 24, 2025<\/p>\t\t\t\t\t\t\t\t<\/div>\n\t\t\t\t<\/div>\n\t\t\t\t<div data-dce-advanced-background-hover-color=\"#E7E9E7\" class=\"elementor-element elementor-element-8d0054e e-transform e-transform ob-harakiri-inherit ob-has-background-overlay elementor-widget elementor-widget-text-editor\" data-id=\"8d0054e\" data-element_type=\"widget\" data-e-type=\"widget\" data-settings=\"{&quot;_transform_translateY_effect_hover&quot;:{&quot;unit&quot;:&quot;px&quot;,&quot;size&quot;:449,&quot;sizes&quot;:[]},&quot;_ob_use_harakiri&quot;:&quot;yes&quot;,&quot;_ob_harakiri_writing_mode&quot;:&quot;inherit&quot;,&quot;_ob_postman_use&quot;:&quot;no&quot;,&quot;_ob_widget_stalker_use&quot;:&quot;no&quot;,&quot;_transform_rotateZ_effect_hover&quot;:{&quot;unit&quot;:&quot;px&quot;,&quot;size&quot;:&quot;&quot;,&quot;sizes&quot;:[]},&quot;_transform_rotateZ_effect_hover_tablet&quot;:{&quot;unit&quot;:&quot;deg&quot;,&quot;size&quot;:&quot;&quot;,&quot;sizes&quot;:[]},&quot;_transform_rotateZ_effect_hover_mobile&quot;:{&quot;unit&quot;:&quot;deg&quot;,&quot;size&quot;:&quot;&quot;,&quot;sizes&quot;:[]},&quot;_transform_translateX_effect_hover&quot;:{&quot;unit&quot;:&quot;px&quot;,&quot;size&quot;:&quot;&quot;,&quot;sizes&quot;:[]},&quot;_transform_translateX_effect_hover_tablet&quot;:{&quot;unit&quot;:&quot;px&quot;,&quot;size&quot;:&quot;&quot;,&quot;sizes&quot;:[]},&quot;_transform_translateX_effect_hover_mobile&quot;:{&quot;unit&quot;:&quot;px&quot;,&quot;size&quot;:&quot;&quot;,&quot;sizes&quot;:[]},&quot;_transform_translateY_effect_hover_tablet&quot;:{&quot;unit&quot;:&quot;px&quot;,&quot;size&quot;:&quot;&quot;,&quot;sizes&quot;:[]},&quot;_transform_translateY_effect_hover_mobile&quot;:{&quot;unit&quot;:&quot;px&quot;,&quot;size&quot;:&quot;&quot;,&quot;sizes&quot;:[]},&quot;_ob_poopart_use&quot;:&quot;yes&quot;,&quot;_ob_shadough_use&quot;:&quot;no&quot;}\" data-widget_type=\"text-editor.default\">\n\t\t\t\t<div class=\"elementor-widget-container\">\n\t\t\t\t\t\t\t\t\t<p style=\"text-align: left;\"><a href=\"https:\/\/www.mcgill.ca\/newsroom\/fr\/channels\/news\/des-scientifiques-modifient-ladn-de-lavoine-ouvrant-la-voie-des-cultures-plus-saines-et-plus-365655\" target=\"_blank\" rel=\"noopener\"><b>Scientists edit oat DNA for the first time, paving the way for healthier, more climate-resilient crops<\/b><\/a><\/p><p style=\"text-align: left;\">Report on Jaswinder Singh&#8217;s research<\/p><p style=\"text-align: left;\">McGill News, June 10, 2025<\/p>\t\t\t\t\t\t\t\t<\/div>\n\t\t\t\t<\/div>\n\t\t\t\t<div data-dce-advanced-background-hover-color=\"#E7E9E7\" class=\"elementor-element elementor-element-8b5733d e-transform e-transform ob-harakiri-inherit ob-has-background-overlay elementor-widget elementor-widget-text-editor\" data-id=\"8b5733d\" data-element_type=\"widget\" data-e-type=\"widget\" data-settings=\"{&quot;_transform_translateY_effect_hover&quot;:{&quot;unit&quot;:&quot;px&quot;,&quot;size&quot;:449,&quot;sizes&quot;:[]},&quot;_ob_use_harakiri&quot;:&quot;yes&quot;,&quot;_ob_harakiri_writing_mode&quot;:&quot;inherit&quot;,&quot;_ob_postman_use&quot;:&quot;no&quot;,&quot;_ob_widget_stalker_use&quot;:&quot;no&quot;,&quot;_transform_rotateZ_effect_hover&quot;:{&quot;unit&quot;:&quot;px&quot;,&quot;size&quot;:&quot;&quot;,&quot;sizes&quot;:[]},&quot;_transform_rotateZ_effect_hover_tablet&quot;:{&quot;unit&quot;:&quot;deg&quot;,&quot;size&quot;:&quot;&quot;,&quot;sizes&quot;:[]},&quot;_transform_rotateZ_effect_hover_mobile&quot;:{&quot;unit&quot;:&quot;deg&quot;,&quot;size&quot;:&quot;&quot;,&quot;sizes&quot;:[]},&quot;_transform_translateX_effect_hover&quot;:{&quot;unit&quot;:&quot;px&quot;,&quot;size&quot;:&quot;&quot;,&quot;sizes&quot;:[]},&quot;_transform_translateX_effect_hover_tablet&quot;:{&quot;unit&quot;:&quot;px&quot;,&quot;size&quot;:&quot;&quot;,&quot;sizes&quot;:[]},&quot;_transform_translateX_effect_hover_mobile&quot;:{&quot;unit&quot;:&quot;px&quot;,&quot;size&quot;:&quot;&quot;,&quot;sizes&quot;:[]},&quot;_transform_translateY_effect_hover_tablet&quot;:{&quot;unit&quot;:&quot;px&quot;,&quot;size&quot;:&quot;&quot;,&quot;sizes&quot;:[]},&quot;_transform_translateY_effect_hover_mobile&quot;:{&quot;unit&quot;:&quot;px&quot;,&quot;size&quot;:&quot;&quot;,&quot;sizes&quot;:[]},&quot;_ob_poopart_use&quot;:&quot;yes&quot;,&quot;_ob_shadough_use&quot;:&quot;no&quot;}\" data-widget_type=\"text-editor.default\">\n\t\t\t\t<div class=\"elementor-widget-container\">\n\t\t\t\t\t\t\t\t\t<p style=\"text-align: left;\"><a style=\"color: #28303d; text-decoration-style: dotted; text-decoration-skip-ink: none;\" href=\"https:\/\/www.ledevoir.com\/environnement\/876415\/agriculture-regeneration-sous-loupe-scientifiques-quebecoises\" target=\"_blank\" rel=\"noopener\"><b>Regenerative Agriculture Under the Microscope of Quebec Women Scientists<\/b><\/a><\/p><p style=\"text-align: left;\">Report on our collaborator Athyna Cambouris&#8217; research<\/p><p style=\"text-align: left;\">Le Devoir, May 7, 2025<\/p>\t\t\t\t\t\t\t\t<\/div>\n\t\t\t\t<\/div>\n\t\t\t\t<div data-dce-advanced-background-hover-color=\"#E7E9E7\" class=\"elementor-element elementor-element-539139b e-transform e-transform ob-harakiri-inherit ob-has-background-overlay elementor-widget elementor-widget-text-editor\" data-id=\"539139b\" data-element_type=\"widget\" data-e-type=\"widget\" data-settings=\"{&quot;_transform_translateY_effect_hover&quot;:{&quot;unit&quot;:&quot;px&quot;,&quot;size&quot;:449,&quot;sizes&quot;:[]},&quot;_ob_use_harakiri&quot;:&quot;yes&quot;,&quot;_ob_harakiri_writing_mode&quot;:&quot;inherit&quot;,&quot;_ob_postman_use&quot;:&quot;no&quot;,&quot;_ob_widget_stalker_use&quot;:&quot;no&quot;,&quot;_transform_rotateZ_effect_hover&quot;:{&quot;unit&quot;:&quot;px&quot;,&quot;size&quot;:&quot;&quot;,&quot;sizes&quot;:[]},&quot;_transform_rotateZ_effect_hover_tablet&quot;:{&quot;unit&quot;:&quot;deg&quot;,&quot;size&quot;:&quot;&quot;,&quot;sizes&quot;:[]},&quot;_transform_rotateZ_effect_hover_mobile&quot;:{&quot;unit&quot;:&quot;deg&quot;,&quot;size&quot;:&quot;&quot;,&quot;sizes&quot;:[]},&quot;_transform_translateX_effect_hover&quot;:{&quot;unit&quot;:&quot;px&quot;,&quot;size&quot;:&quot;&quot;,&quot;sizes&quot;:[]},&quot;_transform_translateX_effect_hover_tablet&quot;:{&quot;unit&quot;:&quot;px&quot;,&quot;size&quot;:&quot;&quot;,&quot;sizes&quot;:[]},&quot;_transform_translateX_effect_hover_mobile&quot;:{&quot;unit&quot;:&quot;px&quot;,&quot;size&quot;:&quot;&quot;,&quot;sizes&quot;:[]},&quot;_transform_translateY_effect_hover_tablet&quot;:{&quot;unit&quot;:&quot;px&quot;,&quot;size&quot;:&quot;&quot;,&quot;sizes&quot;:[]},&quot;_transform_translateY_effect_hover_mobile&quot;:{&quot;unit&quot;:&quot;px&quot;,&quot;size&quot;:&quot;&quot;,&quot;sizes&quot;:[]},&quot;_ob_poopart_use&quot;:&quot;yes&quot;,&quot;_ob_shadough_use&quot;:&quot;no&quot;}\" data-widget_type=\"text-editor.default\">\n\t\t\t\t<div class=\"elementor-widget-container\">\n\t\t\t\t\t\t\t\t\t<p style=\"text-align: left;\"><a href=\"https:\/\/nouvelles.umontreal.ca\/article\/2025\/04\/15\/champignons-mycorhiziens-chef-d-orchestre-des-sols\/\" target=\"_blank\" rel=\"noopener\"><b>Plants, fungi and bacteria working together<\/b><\/a><\/p><p style=\"text-align: left;\">Report on Mohamed Hijri&#8217;s research<\/p><p style=\"text-align: left;\">UdeM Nouvelles, April 15, 2025<\/p>\t\t\t\t\t\t\t\t<\/div>\n\t\t\t\t<\/div>\n\t\t\t\t<div data-dce-advanced-background-hover-color=\"#E7E9E7\" class=\"elementor-element elementor-element-b4e049e e-transform e-transform ob-harakiri-inherit ob-has-background-overlay elementor-widget elementor-widget-text-editor\" data-id=\"b4e049e\" data-element_type=\"widget\" data-e-type=\"widget\" data-settings=\"{&quot;_transform_translateY_effect_hover&quot;:{&quot;unit&quot;:&quot;px&quot;,&quot;size&quot;:449,&quot;sizes&quot;:[]},&quot;_ob_use_harakiri&quot;:&quot;yes&quot;,&quot;_ob_harakiri_writing_mode&quot;:&quot;inherit&quot;,&quot;_ob_postman_use&quot;:&quot;no&quot;,&quot;_ob_widget_stalker_use&quot;:&quot;no&quot;,&quot;_transform_rotateZ_effect_hover&quot;:{&quot;unit&quot;:&quot;px&quot;,&quot;size&quot;:&quot;&quot;,&quot;sizes&quot;:[]},&quot;_transform_rotateZ_effect_hover_tablet&quot;:{&quot;unit&quot;:&quot;deg&quot;,&quot;size&quot;:&quot;&quot;,&quot;sizes&quot;:[]},&quot;_transform_rotateZ_effect_hover_mobile&quot;:{&quot;unit&quot;:&quot;deg&quot;,&quot;size&quot;:&quot;&quot;,&quot;sizes&quot;:[]},&quot;_transform_translateX_effect_hover&quot;:{&quot;unit&quot;:&quot;px&quot;,&quot;size&quot;:&quot;&quot;,&quot;sizes&quot;:[]},&quot;_transform_translateX_effect_hover_tablet&quot;:{&quot;unit&quot;:&quot;px&quot;,&quot;size&quot;:&quot;&quot;,&quot;sizes&quot;:[]},&quot;_transform_translateX_effect_hover_mobile&quot;:{&quot;unit&quot;:&quot;px&quot;,&quot;size&quot;:&quot;&quot;,&quot;sizes&quot;:[]},&quot;_transform_translateY_effect_hover_tablet&quot;:{&quot;unit&quot;:&quot;px&quot;,&quot;size&quot;:&quot;&quot;,&quot;sizes&quot;:[]},&quot;_transform_translateY_effect_hover_mobile&quot;:{&quot;unit&quot;:&quot;px&quot;,&quot;size&quot;:&quot;&quot;,&quot;sizes&quot;:[]},&quot;_ob_poopart_use&quot;:&quot;yes&quot;,&quot;_ob_shadough_use&quot;:&quot;no&quot;}\" data-widget_type=\"text-editor.default\">\n\t\t\t\t<div class=\"elementor-widget-container\">\n\t\t\t\t\t\t\t\t\t<p style=\"text-align: left;\"><a href=\"https:\/\/nouvelles.umontreal.ca\/article\/2025\/04\/01\/des-forces-cachees-faconnent-les-plantes-de-l-interieur\/\" target=\"_blank\" rel=\"noopener\"><b>Hidden forces shape plants from the inside out<\/b><\/a><\/p><p style=\"text-align: left;\">Report on Daniel Kierzkowski and Anne-Lise Routier&#8217;s research<\/p><p style=\"text-align: left;\">UdeM Nouvelles, April 1, 2025<\/p>\t\t\t\t\t\t\t\t<\/div>\n\t\t\t\t<\/div>\n\t\t\t\t<div data-dce-advanced-background-hover-color=\"#E7E9E7\" class=\"elementor-element elementor-element-62d4390 e-transform e-transform ob-harakiri-inherit ob-has-background-overlay elementor-widget elementor-widget-text-editor\" data-id=\"62d4390\" data-element_type=\"widget\" data-e-type=\"widget\" data-settings=\"{&quot;_transform_translateY_effect_hover&quot;:{&quot;unit&quot;:&quot;px&quot;,&quot;size&quot;:449,&quot;sizes&quot;:[]},&quot;_ob_use_harakiri&quot;:&quot;yes&quot;,&quot;_ob_harakiri_writing_mode&quot;:&quot;inherit&quot;,&quot;_ob_postman_use&quot;:&quot;no&quot;,&quot;_ob_widget_stalker_use&quot;:&quot;no&quot;,&quot;_transform_rotateZ_effect_hover&quot;:{&quot;unit&quot;:&quot;px&quot;,&quot;size&quot;:&quot;&quot;,&quot;sizes&quot;:[]},&quot;_transform_rotateZ_effect_hover_tablet&quot;:{&quot;unit&quot;:&quot;deg&quot;,&quot;size&quot;:&quot;&quot;,&quot;sizes&quot;:[]},&quot;_transform_rotateZ_effect_hover_mobile&quot;:{&quot;unit&quot;:&quot;deg&quot;,&quot;size&quot;:&quot;&quot;,&quot;sizes&quot;:[]},&quot;_transform_translateX_effect_hover&quot;:{&quot;unit&quot;:&quot;px&quot;,&quot;size&quot;:&quot;&quot;,&quot;sizes&quot;:[]},&quot;_transform_translateX_effect_hover_tablet&quot;:{&quot;unit&quot;:&quot;px&quot;,&quot;size&quot;:&quot;&quot;,&quot;sizes&quot;:[]},&quot;_transform_translateX_effect_hover_mobile&quot;:{&quot;unit&quot;:&quot;px&quot;,&quot;size&quot;:&quot;&quot;,&quot;sizes&quot;:[]},&quot;_transform_translateY_effect_hover_tablet&quot;:{&quot;unit&quot;:&quot;px&quot;,&quot;size&quot;:&quot;&quot;,&quot;sizes&quot;:[]},&quot;_transform_translateY_effect_hover_mobile&quot;:{&quot;unit&quot;:&quot;px&quot;,&quot;size&quot;:&quot;&quot;,&quot;sizes&quot;:[]},&quot;_ob_poopart_use&quot;:&quot;yes&quot;,&quot;_ob_shadough_use&quot;:&quot;no&quot;}\" data-widget_type=\"text-editor.default\">\n\t\t\t\t<div class=\"elementor-widget-container\">\n\t\t\t\t\t\t\t\t\t<p style=\"text-align: left;\"><a href=\"https:\/\/nouvelles.ulaval.ca\/2025\/03\/31\/regenerer-les-sols-organiques-ou-poussent-nos-legumes-grace-au-biocharbon-29275c96-1e5e-44f8-a803-57d302058cd0\" target=\"_blank\" rel=\"noopener\"><b>Regenerating the Organic Soils Where Our Vegetables Grow Using Biochar (in French only)<\/b><\/a><\/p><p style=\"text-align: left;\">Report on Jacynthe Dessureault-Rompr\u00e9&#8217;s research<\/p><p style=\"text-align: left;\">ULaval Nouvelles, March 31, 2025<\/p>\t\t\t\t\t\t\t\t<\/div>\n\t\t\t\t<\/div>\n\t\t\t\t<div data-dce-advanced-background-hover-color=\"#E7E9E7\" class=\"elementor-element elementor-element-a09b0b9 e-transform e-transform ob-harakiri-inherit ob-has-background-overlay elementor-widget elementor-widget-text-editor\" data-id=\"a09b0b9\" data-element_type=\"widget\" data-e-type=\"widget\" data-settings=\"{&quot;_transform_translateY_effect_hover&quot;:{&quot;unit&quot;:&quot;px&quot;,&quot;size&quot;:449,&quot;sizes&quot;:[]},&quot;_ob_use_harakiri&quot;:&quot;yes&quot;,&quot;_ob_harakiri_writing_mode&quot;:&quot;inherit&quot;,&quot;_ob_postman_use&quot;:&quot;no&quot;,&quot;_ob_widget_stalker_use&quot;:&quot;no&quot;,&quot;_transform_rotateZ_effect_hover&quot;:{&quot;unit&quot;:&quot;px&quot;,&quot;size&quot;:&quot;&quot;,&quot;sizes&quot;:[]},&quot;_transform_rotateZ_effect_hover_tablet&quot;:{&quot;unit&quot;:&quot;deg&quot;,&quot;size&quot;:&quot;&quot;,&quot;sizes&quot;:[]},&quot;_transform_rotateZ_effect_hover_mobile&quot;:{&quot;unit&quot;:&quot;deg&quot;,&quot;size&quot;:&quot;&quot;,&quot;sizes&quot;:[]},&quot;_transform_translateX_effect_hover&quot;:{&quot;unit&quot;:&quot;px&quot;,&quot;size&quot;:&quot;&quot;,&quot;sizes&quot;:[]},&quot;_transform_translateX_effect_hover_tablet&quot;:{&quot;unit&quot;:&quot;px&quot;,&quot;size&quot;:&quot;&quot;,&quot;sizes&quot;:[]},&quot;_transform_translateX_effect_hover_mobile&quot;:{&quot;unit&quot;:&quot;px&quot;,&quot;size&quot;:&quot;&quot;,&quot;sizes&quot;:[]},&quot;_transform_translateY_effect_hover_tablet&quot;:{&quot;unit&quot;:&quot;px&quot;,&quot;size&quot;:&quot;&quot;,&quot;sizes&quot;:[]},&quot;_transform_translateY_effect_hover_mobile&quot;:{&quot;unit&quot;:&quot;px&quot;,&quot;size&quot;:&quot;&quot;,&quot;sizes&quot;:[]},&quot;_ob_poopart_use&quot;:&quot;yes&quot;,&quot;_ob_shadough_use&quot;:&quot;no&quot;}\" data-widget_type=\"text-editor.default\">\n\t\t\t\t<div class=\"elementor-widget-container\">\n\t\t\t\t\t\t\t\t\t<p style=\"text-align: left;\"><a href=\"https:\/\/www.usherbrooke.ca\/actualites\/nouvelles\/environnement\/details\/54718\" target=\"_blank\" rel=\"noopener\"><b>The Apple Tree Microbiome: A Matter of Time and Orchard (in French only)<\/b><\/a><\/p><p style=\"text-align: left;\">Report on Isabelle Laforest-Lapointe&#8217;s research<\/p><p style=\"text-align: left;\">Actualit\u00e9s UdeS, February 2, 2025<\/p>\t\t\t\t\t\t\t\t<\/div>\n\t\t\t\t<\/div>\n\t\t\t\t<div data-dce-advanced-background-hover-color=\"#E7E9E7\" class=\"elementor-element elementor-element-01e05e9 ob-harakiri-inherit ob-has-background-overlay elementor-widget elementor-widget-text-editor\" data-id=\"01e05e9\" data-element_type=\"widget\" data-e-type=\"widget\" data-settings=\"{&quot;_ob_use_harakiri&quot;:&quot;yes&quot;,&quot;_ob_harakiri_writing_mode&quot;:&quot;inherit&quot;,&quot;_ob_postman_use&quot;:&quot;no&quot;,&quot;_ob_widget_stalker_use&quot;:&quot;no&quot;,&quot;_ob_poopart_use&quot;:&quot;yes&quot;,&quot;_ob_shadough_use&quot;:&quot;no&quot;,&quot;_ob_allow_hoveranimator&quot;:&quot;no&quot;}\" data-widget_type=\"text-editor.default\">\n\t\t\t\t<div class=\"elementor-widget-container\">\n\t\t\t\t\t\t\t\t\t<p style=\"text-align: left;\"><a href=\"https:\/\/www.lapresse.ca\/actualites\/2025-01-26\/le-petit-miracle-des-framboises-en-janvier.php?utm_source=dlvr.it&amp;utm_medium=bluesky\" target=\"_blank\" rel=\"noopener\"><strong><span class=\"title titleModule__main\">The Little Miracle of Raspberries in January (in French only)<\/span><\/strong><\/a><\/p><p style=\"text-align: left;\">Report on the experimental farm led by Prof. Aoun <\/p><p style=\"text-align: left;\">La Presse, January 26, 2025<\/p><p class=\"headlines titleModule \" style=\"text-align: center;\"><span style=\"color: #de1b7f;\"><img decoding=\"async\" class=\"wp-image-2621 alignleft\" src=\"https:\/\/centreseve.recherche.usherbrooke.ca\/wp-content\/uploads\/2025\/04\/framboise-e1745428715183.jpg\" alt=\"\" width=\"105\" height=\"67\"><\/span><\/p>\t\t\t\t\t\t\t\t<\/div>\n\t\t\t\t<\/div>\n\t\t\t\t<div data-dce-advanced-background-hover-color=\"#E7E9E7\" class=\"elementor-element elementor-element-46472e6 ob-harakiri-inherit ob-has-background-overlay elementor-widget elementor-widget-text-editor\" data-id=\"46472e6\" data-element_type=\"widget\" data-e-type=\"widget\" data-settings=\"{&quot;_ob_use_harakiri&quot;:&quot;yes&quot;,&quot;_ob_harakiri_writing_mode&quot;:&quot;inherit&quot;,&quot;_ob_postman_use&quot;:&quot;no&quot;,&quot;_ob_widget_stalker_use&quot;:&quot;no&quot;,&quot;_ob_poopart_use&quot;:&quot;yes&quot;,&quot;_ob_shadough_use&quot;:&quot;no&quot;,&quot;_ob_allow_hoveranimator&quot;:&quot;no&quot;}\" data-widget_type=\"text-editor.default\">\n\t\t\t\t<div class=\"elementor-widget-container\">\n\t\t\t\t\t\t\t\t\t<p style=\"text-align: left;\"><a href=\"https:\/\/www.quebecscience.qc.ca\/sciences\/produire-cannabinoides-microalgues\/\" target=\"_blank\" rel=\"noopener\"><strong>Producing Cannabinoids with Microalgae (in French only)<\/strong><\/a><\/p><p><img decoding=\"async\" class=\"wp-image-2622 alignright\" style=\"margin-left: 25px;\" src=\"https:\/\/centreseve.recherche.usherbrooke.ca\/wp-content\/uploads\/2025\/04\/Olivetolic_acid.svg-268x300.png\" alt=\"\" width=\"97\" height=\"109\" srcset=\"https:\/\/centreseve.recherche.usherbrooke.ca\/wp-content\/uploads\/2025\/04\/Olivetolic_acid.svg-268x300.png 268w, https:\/\/centreseve.recherche.usherbrooke.ca\/wp-content\/uploads\/2025\/04\/Olivetolic_acid.svg-915x1024.png 915w, https:\/\/centreseve.recherche.usherbrooke.ca\/wp-content\/uploads\/2025\/04\/Olivetolic_acid.svg-768x860.png 768w, https:\/\/centreseve.recherche.usherbrooke.ca\/wp-content\/uploads\/2025\/04\/Olivetolic_acid.svg.png 1200w\" sizes=\"(max-width: 97px) 100vw, 97px\" \/><\/p><p style=\"text-align: left;\">Report on Prof. Desgagn\u00e9-Penix&#8217;s research <\/p><p style=\"text-align: left;\">Qu\u00e9bec Science &#8211; November 1, 2024<\/p>\t\t\t\t\t\t\t\t<\/div>\n\t\t\t\t<\/div>\n\t\t\t\t<div data-dce-advanced-background-hover-color=\"#E7E9E7\" class=\"elementor-element elementor-element-1e77a48b ob-harakiri-inherit ob-has-background-overlay elementor-widget elementor-widget-text-editor\" data-id=\"1e77a48b\" data-element_type=\"widget\" data-e-type=\"widget\" data-settings=\"{&quot;_ob_use_harakiri&quot;:&quot;yes&quot;,&quot;_ob_harakiri_writing_mode&quot;:&quot;inherit&quot;,&quot;_ob_postman_use&quot;:&quot;no&quot;,&quot;_ob_widget_stalker_use&quot;:&quot;no&quot;,&quot;_ob_poopart_use&quot;:&quot;yes&quot;,&quot;_ob_shadough_use&quot;:&quot;no&quot;,&quot;_ob_allow_hoveranimator&quot;:&quot;no&quot;}\" data-widget_type=\"text-editor.default\">\n\t\t\t\t<div class=\"elementor-widget-container\">\n\t\t\t\t\t\t\t\t\t<p style=\"text-align: left;\"><strong><a style=\"color: #28303d; text-decoration: underline; text-decoration-skip-ink: none;\" href=\"https:\/\/www.noovo.info\/video\/des-serres-de-haut-niveau-font-leur-entree-a-luniversite-de-sherbrooke.html\" target=\"_blank\" rel=\"noopener\">High-Level Greenhouses Make Their Debut at the University of Sherbrooke<\/a><\/strong><\/p><p style=\"text-align: left;\">Report on the inauguration of the CORS\u00c8VE Complex at UdS<\/p><p style=\"text-align: left;\">Noovo, Mai 2, 2024<\/p><p style=\"text-align: center;\"> <\/p>\t\t\t\t\t\t\t\t<\/div>\n\t\t\t\t<\/div>\n\t\t\t\t<div data-dce-advanced-background-hover-color=\"#E7E9E7\" class=\"elementor-element elementor-element-c92f7b5 ob-harakiri-inherit ob-has-background-overlay elementor-widget elementor-widget-text-editor\" data-id=\"c92f7b5\" data-element_type=\"widget\" data-e-type=\"widget\" data-settings=\"{&quot;_ob_use_harakiri&quot;:&quot;yes&quot;,&quot;_ob_harakiri_writing_mode&quot;:&quot;inherit&quot;,&quot;_ob_postman_use&quot;:&quot;no&quot;,&quot;_ob_widget_stalker_use&quot;:&quot;no&quot;,&quot;_ob_poopart_use&quot;:&quot;yes&quot;,&quot;_ob_shadough_use&quot;:&quot;no&quot;,&quot;_ob_allow_hoveranimator&quot;:&quot;no&quot;}\" data-widget_type=\"text-editor.default\">\n\t\t\t\t<div class=\"elementor-widget-container\">\n\t\t\t\t\t\t\t\t\t<p style=\"text-align: left;\"><strong><span style=\"color: #008000;\">EdeLab &amp; Research Explained!<\/span><\/strong><\/p><p style=\"text-align: left;\">A podcast from the laboratory of Prof. P\u00e9rez-Lopez, Associate Professor in the Department of Plant Science at Universit\u00e9 Laval.  <strong><a href=\"https:\/\/podcasts.apple.com\/ca\/podcast\/edelab-research-explained\/id1790783712\" target=\"_blank\" rel=\"noopener\"><img loading=\"lazy\" decoding=\"async\" class=\"wp-image-2618 alignnone\" src=\"https:\/\/centreseve.recherche.usherbrooke.ca\/wp-content\/uploads\/2025\/04\/apple-podcast.jpg\" alt=\"\" width=\"35\" height=\"35\" srcset=\"https:\/\/centreseve.recherche.usherbrooke.ca\/wp-content\/uploads\/2025\/04\/apple-podcast.jpg 225w, https:\/\/centreseve.recherche.usherbrooke.ca\/wp-content\/uploads\/2025\/04\/apple-podcast-150x150.jpg 150w\" sizes=\"(max-width: 35px) 100vw, 35px\" \/><\/a><a href=\"https:\/\/open.spotify.com\/show\/1k1EGDexHioOt846q68ZM3\" target=\"_blank\" rel=\"noopener\"><img loading=\"lazy\" decoding=\"async\" class=\"wp-image-2615 alignnone\" src=\"https:\/\/centreseve.recherche.usherbrooke.ca\/wp-content\/uploads\/2025\/04\/spotify.jpg\" alt=\"\" width=\"32\" height=\"32\" srcset=\"https:\/\/centreseve.recherche.usherbrooke.ca\/wp-content\/uploads\/2025\/04\/spotify.jpg 225w, https:\/\/centreseve.recherche.usherbrooke.ca\/wp-content\/uploads\/2025\/04\/spotify-150x150.jpg 150w\" sizes=\"(max-width: 32px) 100vw, 32px\" \/><\/a><\/strong><\/p>\t\t\t\t\t\t\t\t<\/div>\n\t\t\t\t<\/div>\n\t\t\t\t<\/div>\n\t\t\t\t<\/div>\n\t\t","protected":false},"excerpt":{"rendered":"<p>Our Members on the Radio! Zo\u00e9 Joly-Lopez talks about the following subjects arMoteur de Recherche and Moteur en herbe (Radio-Canada) : Quelle est la diff\u00e9rence entre le riz modifi\u00e9 en laboratoire ou sur le terrain? (January 2026) Pourquoi faut-il repiquer le riz, mais pas le bl\u00e9 ni l&#8217;orge? (D\u00e9cember 2025) C&#8217;est moi ou les tournesols&hellip; <a class=\"more-link\" href=\"https:\/\/centreseve.recherche.usherbrooke.ca\/en\/our-members-in-the-media\/\">Continue reading <span class=\"screen-reader-text\">Our members in the media<\/span><\/a><\/p>\n","protected":false},"author":1,"featured_media":0,"parent":0,"menu_order":0,"comment_status":"closed","ping_status":"closed","template":"","meta":{"_acf_changed":false,"footnotes":""},"class_list":["post-2509","page","type-page","status-publish","hentry","entry"],"acf":[],"_links":{"self":[{"href":"https:\/\/centreseve.recherche.usherbrooke.ca\/en\/wp-json\/wp\/v2\/pages\/2509","targetHints":{"allow":["GET"]}}],"collection":[{"href":"https:\/\/centreseve.recherche.usherbrooke.ca\/en\/wp-json\/wp\/v2\/pages"}],"about":[{"href":"https:\/\/centreseve.recherche.usherbrooke.ca\/en\/wp-json\/wp\/v2\/types\/page"}],"author":[{"embeddable":true,"href":"https:\/\/centreseve.recherche.usherbrooke.ca\/en\/wp-json\/wp\/v2\/users\/1"}],"replies":[{"embeddable":true,"href":"https:\/\/centreseve.recherche.usherbrooke.ca\/en\/wp-json\/wp\/v2\/comments?post=2509"}],"version-history":[{"count":10,"href":"https:\/\/centreseve.recherche.usherbrooke.ca\/en\/wp-json\/wp\/v2\/pages\/2509\/revisions"}],"predecessor-version":[{"id":4023,"href":"https:\/\/centreseve.recherche.usherbrooke.ca\/en\/wp-json\/wp\/v2\/pages\/2509\/revisions\/4023"}],"wp:attachment":[{"href":"https:\/\/centreseve.recherche.usherbrooke.ca\/en\/wp-json\/wp\/v2\/media?parent=2509"}],"curies":[{"name":"wp","href":"https:\/\/api.w.org\/{rel}","templated":true}]}}